{"id":122,"date":"2020-03-10T16:22:37","date_gmt":"2020-03-10T16:22:37","guid":{"rendered":"http:\/\/spkeblowo.strefa.pl\/wordpress\/?page_id=122"},"modified":"2025-09-02T09:27:22","modified_gmt":"2025-09-02T07:27:22","slug":"swieltica-szkolna","status":"publish","type":"page","link":"https:\/\/spkeblowo.pl\/?page_id=122","title":{"rendered":"\u015aWIETLICA SZKOLNA"},"content":{"rendered":"\t\t<div data-elementor-type=\"wp-page\" data-elementor-id=\"122\" class=\"elementor elementor-122\">\n\t\t\t\t\t\t<section class=\"elementor-section elementor-top-section elementor-element elementor-element-841d1d2 elementor-section-boxed elementor-section-height-default elementor-section-height-default\" data-id=\"841d1d2\" data-element_type=\"section\" data-e-type=\"section\">\n\t\t\t\t\t\t<div class=\"elementor-container elementor-column-gap-default\">\n\t\t\t\t\t<div class=\"elementor-column elementor-col-100 elementor-top-column elementor-element elementor-element-36f00f7\" data-id=\"36f00f7\" data-element_type=\"column\" data-e-type=\"column\">\n\t\t\t<div class=\"elementor-widget-wrap elementor-element-populated\">\n\t\t\t\t\t\t<div class=\"elementor-element elementor-element-9adeb85 elementor-widget elementor-widget-image\" data-id=\"9adeb85\" data-element_type=\"widget\" data-e-type=\"widget\" data-widget_type=\"image.default\">\n\t\t\t\t<div class=\"elementor-widget-container\">\n\t\t\t\t\t\t\t\t\t\t\t\t\t\t\t<img fetchpriority=\"high\" decoding=\"async\" width=\"750\" height=\"242\" src=\"https:\/\/spkeblowo.pl\/wp-content\/uploads\/2021\/03\/pobierz.png\" class=\"attachment-large size-large wp-image-1888\" alt=\"\" srcset=\"https:\/\/spkeblowo.pl\/wp-content\/uploads\/2021\/03\/pobierz.png 885w, https:\/\/spkeblowo.pl\/wp-content\/uploads\/2021\/03\/pobierz-300x97.png 300w, https:\/\/spkeblowo.pl\/wp-content\/uploads\/2021\/03\/pobierz-768x247.png 768w\" sizes=\"(max-width: 750px) 100vw, 750px\" \/>\t\t\t\t\t\t\t\t\t\t\t\t\t\t\t<\/div>\n\t\t\t\t<\/div>\n\t\t\t\t\t<\/div>\n\t\t<\/div>\n\t\t\t\t\t<\/div>\n\t\t<\/section>\n\t\t\t\t<section class=\"elementor-section elementor-top-section elementor-element elementor-element-fb20a78 elementor-section-boxed elementor-section-height-default elementor-section-height-default\" data-id=\"fb20a78\" data-element_type=\"section\" data-e-type=\"section\">\n\t\t\t\t\t\t<div class=\"elementor-container elementor-column-gap-default\">\n\t\t\t\t\t<div class=\"elementor-column elementor-col-100 elementor-top-column elementor-element elementor-element-4cd7ffc\" data-id=\"4cd7ffc\" data-element_type=\"column\" data-e-type=\"column\">\n\t\t\t<div class=\"elementor-widget-wrap elementor-element-populated\">\n\t\t\t\t\t\t<div class=\"elementor-element elementor-element-bedc421 elementor-pagination-position-outside elementor-widget elementor-widget-image-carousel\" data-id=\"bedc421\" data-element_type=\"widget\" data-e-type=\"widget\" data-settings=\"{&quot;navigation&quot;:&quot;dots&quot;,&quot;autoplay&quot;:&quot;yes&quot;,&quot;pause_on_hover&quot;:&quot;yes&quot;,&quot;pause_on_interaction&quot;:&quot;yes&quot;,&quot;autoplay_speed&quot;:5000,&quot;infinite&quot;:&quot;yes&quot;,&quot;speed&quot;:500}\" data-widget_type=\"image-carousel.default\">\n\t\t\t\t<div class=\"elementor-widget-container\">\n\t\t\t\t\t\t\t<div class=\"elementor-image-carousel-wrapper swiper\" role=\"region\" aria-roledescription=\"carousel\" aria-label=\"Karuzela obrazk\u00f3w\" dir=\"ltr\">\n\t\t\t<div class=\"elementor-image-carousel swiper-wrapper\" aria-live=\"off\">\n\t\t\t\t\t\t\t\t<div class=\"swiper-slide\" role=\"group\" aria-roledescription=\"slide\" aria-label=\"1 z 22\"><figure class=\"swiper-slide-inner\"><img decoding=\"async\" class=\"swiper-slide-image\" src=\"https:\/\/spkeblowo.pl\/wp-content\/uploads\/2021\/03\/119968773_700228697368350_1425742437974560658_n-300x225.jpg\" alt=\"119968773_700228697368350_1425742437974560658_n\" \/><\/figure><\/div><div class=\"swiper-slide\" role=\"group\" aria-roledescription=\"slide\" aria-label=\"2 z 22\"><figure class=\"swiper-slide-inner\"><img decoding=\"async\" class=\"swiper-slide-image\" src=\"https:\/\/spkeblowo.pl\/wp-content\/uploads\/2021\/03\/120016962_929912547510497_6788985161684805771_n-300x225.jpg\" alt=\"120016962_929912547510497_6788985161684805771_n\" \/><\/figure><\/div><div class=\"swiper-slide\" role=\"group\" aria-roledescription=\"slide\" aria-label=\"3 z 22\"><figure class=\"swiper-slide-inner\"><img decoding=\"async\" class=\"swiper-slide-image\" src=\"https:\/\/spkeblowo.pl\/wp-content\/uploads\/2021\/03\/120064916_7962917073780019_2309294626071116321_n-300x225.jpg\" alt=\"120064916_7962917073780019_2309294626071116321_n\" \/><\/figure><\/div><div class=\"swiper-slide\" role=\"group\" aria-roledescription=\"slide\" aria-label=\"4 z 22\"><figure class=\"swiper-slide-inner\"><img decoding=\"async\" class=\"swiper-slide-image\" src=\"https:\/\/spkeblowo.pl\/wp-content\/uploads\/2021\/03\/120709063_745255649653203_5474640300234350169_n-300x225.jpg\" alt=\"120709063_745255649653203_5474640300234350169_n\" \/><\/figure><\/div><div class=\"swiper-slide\" role=\"group\" aria-roledescription=\"slide\" aria-label=\"5 z 22\"><figure class=\"swiper-slide-inner\"><img decoding=\"async\" class=\"swiper-slide-image\" src=\"https:\/\/spkeblowo.pl\/wp-content\/uploads\/2021\/03\/120943770_339968813729453_8930176770380081589_n-300x225.jpg\" alt=\"120943770_339968813729453_8930176770380081589_n\" \/><\/figure><\/div><div class=\"swiper-slide\" role=\"group\" aria-roledescription=\"slide\" aria-label=\"6 z 22\"><figure class=\"swiper-slide-inner\"><img decoding=\"async\" class=\"swiper-slide-image\" src=\"https:\/\/spkeblowo.pl\/wp-content\/uploads\/2021\/03\/122547748_408858676779917_6085298753999821942_n-300x225.jpg\" alt=\"122547748_408858676779917_6085298753999821942_n\" \/><\/figure><\/div><div class=\"swiper-slide\" role=\"group\" aria-roledescription=\"slide\" aria-label=\"7 z 22\"><figure class=\"swiper-slide-inner\"><img decoding=\"async\" class=\"swiper-slide-image\" src=\"https:\/\/spkeblowo.pl\/wp-content\/uploads\/2021\/03\/131357347_480032159634116_8021079699561254925_n-300x225.jpg\" alt=\"131357347_480032159634116_8021079699561254925_n\" \/><\/figure><\/div><div class=\"swiper-slide\" role=\"group\" aria-roledescription=\"slide\" aria-label=\"8 z 22\"><figure class=\"swiper-slide-inner\"><img decoding=\"async\" class=\"swiper-slide-image\" src=\"https:\/\/spkeblowo.pl\/wp-content\/uploads\/2021\/03\/hh-300x169.jpg\" alt=\"hh\" \/><\/figure><\/div><div class=\"swiper-slide\" role=\"group\" aria-roledescription=\"slide\" aria-label=\"9 z 22\"><figure class=\"swiper-slide-inner\"><img decoding=\"async\" class=\"swiper-slide-image\" src=\"https:\/\/spkeblowo.pl\/wp-content\/uploads\/2021\/03\/image11-300x225.jpg\" alt=\"image1(1)\" \/><\/figure><\/div><div class=\"swiper-slide\" role=\"group\" aria-roledescription=\"slide\" aria-label=\"10 z 22\"><figure class=\"swiper-slide-inner\"><img decoding=\"async\" class=\"swiper-slide-image\" src=\"https:\/\/spkeblowo.pl\/wp-content\/uploads\/2021\/03\/image12-300x225.jpg\" alt=\"image1(2)\" \/><\/figure><\/div><div class=\"swiper-slide\" role=\"group\" aria-roledescription=\"slide\" aria-label=\"11 z 22\"><figure class=\"swiper-slide-inner\"><img decoding=\"async\" class=\"swiper-slide-image\" src=\"https:\/\/spkeblowo.pl\/wp-content\/uploads\/2021\/03\/image1-225x300.jpg\" alt=\"image1\" \/><\/figure><\/div><div class=\"swiper-slide\" role=\"group\" aria-roledescription=\"slide\" aria-label=\"12 z 22\"><figure class=\"swiper-slide-inner\"><img decoding=\"async\" class=\"swiper-slide-image\" src=\"https:\/\/spkeblowo.pl\/wp-content\/uploads\/2021\/03\/image6-300x225.jpg\" alt=\"image6\" \/><\/figure><\/div><div class=\"swiper-slide\" role=\"group\" aria-roledescription=\"slide\" aria-label=\"13 z 22\"><figure class=\"swiper-slide-inner\"><img decoding=\"async\" class=\"swiper-slide-image\" src=\"https:\/\/spkeblowo.pl\/wp-content\/uploads\/2021\/03\/IMG_20201022_120745-300x225.jpg\" alt=\"IMG_20201022_120745\" \/><\/figure><\/div><div class=\"swiper-slide\" role=\"group\" aria-roledescription=\"slide\" aria-label=\"14 z 22\"><figure class=\"swiper-slide-inner\"><img decoding=\"async\" class=\"swiper-slide-image\" src=\"https:\/\/spkeblowo.pl\/wp-content\/uploads\/2021\/03\/IMG_20201029_130324-300x225.jpg\" alt=\"IMG_20201029_130324\" \/><\/figure><\/div><div class=\"swiper-slide\" role=\"group\" aria-roledescription=\"slide\" aria-label=\"15 z 22\"><figure class=\"swiper-slide-inner\"><img decoding=\"async\" class=\"swiper-slide-image\" src=\"https:\/\/spkeblowo.pl\/wp-content\/uploads\/2021\/03\/IMG_20201119_121428_HDR-300x225.jpg\" alt=\"IMG_20201119_121428_HDR\" \/><\/figure><\/div><div class=\"swiper-slide\" role=\"group\" aria-roledescription=\"slide\" aria-label=\"16 z 22\"><figure class=\"swiper-slide-inner\"><img decoding=\"async\" class=\"swiper-slide-image\" src=\"https:\/\/spkeblowo.pl\/wp-content\/uploads\/2021\/03\/IMG20210126103438-300x225.jpg\" alt=\"IMG20210126103438\" \/><\/figure><\/div><div class=\"swiper-slide\" role=\"group\" aria-roledescription=\"slide\" aria-label=\"17 z 22\"><figure class=\"swiper-slide-inner\"><img decoding=\"async\" class=\"swiper-slide-image\" src=\"https:\/\/spkeblowo.pl\/wp-content\/uploads\/2021\/03\/IMG20210208094144-300x225.jpg\" alt=\"IMG20210208094144\" \/><\/figure><\/div><div class=\"swiper-slide\" role=\"group\" aria-roledescription=\"slide\" aria-label=\"18 z 22\"><figure class=\"swiper-slide-inner\"><img decoding=\"async\" class=\"swiper-slide-image\" src=\"https:\/\/spkeblowo.pl\/wp-content\/uploads\/2021\/03\/IMG20210208105622-300x225.jpg\" alt=\"IMG20210208105622\" \/><\/figure><\/div><div class=\"swiper-slide\" role=\"group\" aria-roledescription=\"slide\" aria-label=\"19 z 22\"><figure class=\"swiper-slide-inner\"><img decoding=\"async\" class=\"swiper-slide-image\" src=\"https:\/\/spkeblowo.pl\/wp-content\/uploads\/2021\/03\/IMG20210208111315-300x225.jpg\" alt=\"IMG20210208111315\" \/><\/figure><\/div><div class=\"swiper-slide\" role=\"group\" aria-roledescription=\"slide\" aria-label=\"20 z 22\"><figure class=\"swiper-slide-inner\"><img decoding=\"async\" class=\"swiper-slide-image\" src=\"https:\/\/spkeblowo.pl\/wp-content\/uploads\/2021\/03\/received_627779898098125-300x169.jpg\" alt=\"received_627779898098125\" \/><\/figure><\/div><div class=\"swiper-slide\" role=\"group\" aria-roledescription=\"slide\" aria-label=\"21 z 22\"><figure class=\"swiper-slide-inner\"><img decoding=\"async\" class=\"swiper-slide-image\" src=\"https:\/\/spkeblowo.pl\/wp-content\/uploads\/2021\/03\/received_915160939012397-300x225.jpg\" alt=\"received_915160939012397\" \/><\/figure><\/div><div class=\"swiper-slide\" role=\"group\" aria-roledescription=\"slide\" aria-label=\"22 z 22\"><figure class=\"swiper-slide-inner\"><img decoding=\"async\" class=\"swiper-slide-image\" src=\"https:\/\/spkeblowo.pl\/wp-content\/uploads\/2021\/03\/u-300x225.jpg\" alt=\"u\" \/><\/figure><\/div>\t\t\t<\/div>\n\t\t\t\t\t\t\t\n\t\t\t\t\t\t\t\t\t<div class=\"swiper-pagination\"><\/div>\n\t\t\t\t\t\t\t\t\t<\/div>\n\t\t\t\t\t\t<\/div>\n\t\t\t\t<\/div>\n\t\t\t\t\t<\/div>\n\t\t<\/div>\n\t\t\t\t\t<\/div>\n\t\t<\/section>\n\t\t\t\t<section class=\"elementor-section elementor-top-section elementor-element elementor-element-2594f90 elementor-section-boxed elementor-section-height-default elementor-section-height-default\" data-id=\"2594f90\" data-element_type=\"section\" data-e-type=\"section\">\n\t\t\t\t\t\t<div class=\"elementor-container elementor-column-gap-default\">\n\t\t\t\t\t<div class=\"elementor-column elementor-col-100 elementor-top-column elementor-element elementor-element-1d72ba7\" data-id=\"1d72ba7\" data-element_type=\"column\" data-e-type=\"column\">\n\t\t\t<div class=\"elementor-widget-wrap elementor-element-populated\">\n\t\t\t\t\t\t<div class=\"elementor-element elementor-element-09a3aa6 elementor-widget elementor-widget-text-editor\" data-id=\"09a3aa6\" data-element_type=\"widget\" data-e-type=\"widget\" data-widget_type=\"text-editor.default\">\n\t\t\t\t<div class=\"elementor-widget-container\">\n\t\t\t\t\t\t\t\t\t<p>W naszej szkole funkcjonuje \u015awietlica Szkolna, kt\u00f3ra roztacza swoj\u0105 opiek\u0119 nad dzie\u0107mi z oddzia\u0142\u00f3w przedszkolnych oraz uczniami klas I-III. \u015awietlica szkolna jest miejscem, w kt\u00f3rym uczniowie naszej szko\u0142y mog\u0105 mi\u0142o, przyjemnie i po\u017cytecznie sp\u0119dzi\u0107 czas przed i po lekcjach oraz w oczekiwaniu na zaj\u0119cia dodatkowe.\u00a0<\/p><p style=\"text-align: center;\"><span style=\"font-size: 18pt; color: #3366ff;\"><strong>\u015awietlica Szkolna czynna jest od poniedzia\u0142ku do pi\u0105tku w godzinach od 7.00 do 17.00.<\/strong><\/span><\/p><p>G\u0142\u00f3wnym celem dzia\u0142alno\u015bci naszej \u015bwietlicy jest zapewnienie uczniom opieki w czasie wolnym od zaj\u0119\u0107 dydaktycznych. Dodatkowo dzieci przebywaj\u0105ce w \u015bwietlicy bior\u0105 udzia\u0142 w licznych zaj\u0119ciach organizowanych przez opiekun\u00f3w, s\u0105 to m.in.: zaj\u0119cia plastyczne, czytelnicze, ruchowe, muzyczne, gry i zabawy stolikowe.\u00a0<\/p><p>Uczniowie maj\u0105 czas na swobodne zabawy zgodnie ze swoimi zainteresowaniami, korzystaj\u0105 tak\u017ce z licznych gier i zabawek zgromadzonych w \u015bwietlicy. Dzieci maj\u0105 r\u00f3wnie\u017c mo\u017cliwo\u015b\u0107 ogl\u0105dania ulubionych film\u00f3w animowanych czy s\u0142uchania muzyki.\u00a0 Dzieci r\u00f3wnie ch\u0119tnie odrabiaj\u0105 prace domowe pod czujnym okiem wychowawc\u00f3w \u015bwietlicy, kt\u00f3rzy s\u0142u\u017c\u0105 im pomoc\u0105 w ka\u017cdej chwili.\u00a0<\/p><p>W naszej \u015bwietlicy wdra\u017camy uczni\u00f3w do przestrzegania przyj\u0119tych zasad, wyra\u017cania w\u0142asnych potrzeb, staramy si\u0119 wyrobi\u0107 w wychowankach umiej\u0119tno\u015b\u0107 nawi\u0105zywania kontakt\u00f3w z innymi i zgodnego wsp\u00f3\u0142dzia\u0142ania w grupie.<\/p>\t\t\t\t\t\t\t\t<\/div>\n\t\t\t\t<\/div>\n\t\t\t\t\t<\/div>\n\t\t<\/div>\n\t\t\t\t\t<\/div>\n\t\t<\/section>\n\t\t\t\t<section class=\"elementor-section elementor-top-section elementor-element elementor-element-69c22df elementor-section-boxed elementor-section-height-default elementor-section-height-default\" data-id=\"69c22df\" data-element_type=\"section\" data-e-type=\"section\">\n\t\t\t\t\t\t<div class=\"elementor-container elementor-column-gap-default\">\n\t\t\t\t\t<div class=\"elementor-column elementor-col-100 elementor-top-column elementor-element elementor-element-5293135\" data-id=\"5293135\" data-element_type=\"column\" data-e-type=\"column\">\n\t\t\t<div class=\"elementor-widget-wrap elementor-element-populated\">\n\t\t\t\t\t\t<div class=\"elementor-element elementor-element-06ae4a7 elementor-widget elementor-widget-text-editor\" data-id=\"06ae4a7\" data-element_type=\"widget\" data-e-type=\"widget\" data-widget_type=\"text-editor.default\">\n\t\t\t\t<div class=\"elementor-widget-container\">\n\t\t\t\t\t\t\t\t\t<p style=\"text-align: center;\"><strong><span style=\"font-size: 18pt; color: #3366ff;\">ABC\u00a0 \u015aWIETLICY SZKOLNEJ<\/span><\/strong><\/p><p style=\"text-align: center;\">Przychodz\u0119 do \u015bwietlicy zaraz po przybyciu do szko\u0142y lub po sko\u0144czonych zaj\u0119ciach.<\/p><p style=\"text-align: center;\">Cz\u0119sto dezynfekuj\u0119 r\u0119ce, myj\u0105c je ciep\u0142\u0105 wod\u0105 z myd\u0142em.<\/p><p style=\"text-align: center;\">Wchodz\u0105c do \u015bwietlicy zg\u0142aszam wychowawcy swoje przybycie.<\/p><p style=\"text-align: center;\">Nie opuszczam \u015bwietlicy szkolnej bez zgody wychowawcy.<\/p><p style=\"text-align: center;\">Nie oddalam si\u0119 od wychowawcy podczas wyj\u015b\u0107 poza sal\u0119 \u015bwietlicow\u0105.<\/p><p style=\"text-align: center;\">Bawi\u0119 si\u0119 i pracuj\u0119 w spos\u00f3b bezpieczny dla siebie i innych.<\/p><p style=\"text-align: center;\">Szanuj\u0119 innych, nikomu nie dokuczam.<\/p><p style=\"text-align: center;\">Bior\u0119 aktywny udzia\u0142 w zaj\u0119ciach.<\/p><p style=\"text-align: center;\">Staram si\u0119 cicho pracowa\u0107 i bawi\u0107.<\/p><p style=\"text-align: center;\">S\u0142ucham uwa\u017cnie pr\u00f3\u015bb i polece\u0144 nauczyciela &#8211; staram si\u0119 je jak najlepiej wykona\u0107.<\/p><p style=\"text-align: center;\">Nie przeszkadzam nauczycielom w prowadzeniu zaj\u0119\u0107.<\/p><p style=\"text-align: center;\">Nie przeszkadzam innym dzieciom w pracy i zabawie.<\/p><p style=\"text-align: center;\">Dbam o porz\u0105dek w sali.<\/p><p style=\"text-align: center;\">Po sko\u0144czonej zabawie i po zaj\u0119ciach zawsze porz\u0105dkuj\u0119 swoje otoczenie.<\/p><p style=\"text-align: center;\">Szanuj\u0119 sprz\u0119ty i przedmioty b\u0119d\u0105ce na wyposa\u017ceniu \u015bwietlicy.<\/p><p style=\"text-align: center;\">Szanuj\u0119 cudz\u0105 i swoj\u0105 w\u0142asno\u015b\u0107.<\/p><p style=\"text-align: center;\">Bez zgody w\u0142a\u015bciciela nie ruszam cudzych rzeczy.<\/p><p style=\"text-align: center;\">Dbam o higien\u0119 osobist\u0105.<\/p><p style=\"text-align: center;\">Myj\u0119 r\u0119ce przed posi\u0142kiem, gdy skorzystam z toalety, po powrocie z boiska.<\/p><p style=\"text-align: center;\">Posi\u0142ki spo\u017cywam w czasie przerw. Podczas jedzenia i picia siadam przy stoliku.<\/p><p style=\"text-align: center;\">Zmieniam obuwie i pozostawiam w szatni ubrania wierzchnie.<\/p>\t\t\t\t\t\t\t\t<\/div>\n\t\t\t\t<\/div>\n\t\t\t\t\t<\/div>\n\t\t<\/div>\n\t\t\t\t\t<\/div>\n\t\t<\/section>\n\t\t\t\t<section class=\"elementor-section elementor-top-section elementor-element elementor-element-4699eec elementor-section-boxed elementor-section-height-default elementor-section-height-default\" data-id=\"4699eec\" data-element_type=\"section\" data-e-type=\"section\">\n\t\t\t\t\t\t<div class=\"elementor-container elementor-column-gap-default\">\n\t\t\t\t\t<div class=\"elementor-column elementor-col-100 elementor-top-column elementor-element elementor-element-04c8eac\" data-id=\"04c8eac\" data-element_type=\"column\" data-e-type=\"column\">\n\t\t\t<div class=\"elementor-widget-wrap elementor-element-populated\">\n\t\t\t\t\t\t<div class=\"elementor-element elementor-element-97db7da elementor-align-left elementor-widget elementor-widget-button\" data-id=\"97db7da\" data-element_type=\"widget\" data-e-type=\"widget\" data-widget_type=\"button.default\">\n\t\t\t\t<div class=\"elementor-widget-container\">\n\t\t\t\t\t\t\t\t\t<div class=\"elementor-button-wrapper\">\n\t\t\t\t\t<a class=\"elementor-button elementor-button-link elementor-size-xl\" href=\"https:\/\/drive.google.com\/file\/d\/1-FJriK0AC9KsDKPsq75IdmUWy96KrIyv\/view?usp=sharing\">\n\t\t\t\t\t\t<span class=\"elementor-button-content-wrapper\">\n\t\t\t\t\t\t\t\t\t<span class=\"elementor-button-text\">Regulamin \u015awietlicy Szkolnej<\/span>\n\t\t\t\t\t<\/span>\n\t\t\t\t\t<\/a>\n\t\t\t\t<\/div>\n\t\t\t\t\t\t\t\t<\/div>\n\t\t\t\t<\/div>\n\t\t\t\t\t<\/div>\n\t\t<\/div>\n\t\t\t\t\t<\/div>\n\t\t<\/section>\n\t\t\t\t<section class=\"elementor-section elementor-top-section elementor-element elementor-element-c141885 elementor-section-boxed elementor-section-height-default elementor-section-height-default\" data-id=\"c141885\" data-element_type=\"section\" data-e-type=\"section\">\n\t\t\t\t\t\t<div class=\"elementor-container elementor-column-gap-default\">\n\t\t\t\t\t<div class=\"elementor-column elementor-col-100 elementor-top-column elementor-element elementor-element-84e6033\" data-id=\"84e6033\" data-element_type=\"column\" data-e-type=\"column\">\n\t\t\t<div class=\"elementor-widget-wrap elementor-element-populated\">\n\t\t\t\t\t\t<div class=\"elementor-element elementor-element-003f7a8 elementor-widget elementor-widget-button\" data-id=\"003f7a8\" data-element_type=\"widget\" data-e-type=\"widget\" data-widget_type=\"button.default\">\n\t\t\t\t<div class=\"elementor-widget-container\">\n\t\t\t\t\t\t\t\t\t<div class=\"elementor-button-wrapper\">\n\t\t\t\t\t<a class=\"elementor-button elementor-button-link elementor-size-xl\" href=\"https:\/\/docs.google.com\/document\/d\/17UXM3E4AXl3Jwj1nJGZdRqreJAIfKG-2\/edit?usp=sharing&#038;ouid=112292908272955377080&#038;rtpof=true&#038;sd=true\">\n\t\t\t\t\t\t<span class=\"elementor-button-content-wrapper\">\n\t\t\t\t\t\t\t\t\t<span class=\"elementor-button-text\">Karta zapisu do \u015bwietlicy <\/span>\n\t\t\t\t\t<\/span>\n\t\t\t\t\t<\/a>\n\t\t\t\t<\/div>\n\t\t\t\t\t\t\t\t<\/div>\n\t\t\t\t<\/div>\n\t\t\t\t\t<\/div>\n\t\t<\/div>\n\t\t\t\t\t<\/div>\n\t\t<\/section>\n\t\t\t\t<section class=\"elementor-section elementor-top-section elementor-element elementor-element-4bb0799 elementor-section-boxed elementor-section-height-default elementor-section-height-default\" data-id=\"4bb0799\" data-element_type=\"section\" data-e-type=\"section\">\n\t\t\t\t\t\t<div class=\"elementor-container elementor-column-gap-default\">\n\t\t\t\t\t<div class=\"elementor-column elementor-col-100 elementor-top-column elementor-element elementor-element-fca6b01\" data-id=\"fca6b01\" data-element_type=\"column\" data-e-type=\"column\">\n\t\t\t<div class=\"elementor-widget-wrap elementor-element-populated\">\n\t\t\t\t\t\t<div class=\"elementor-element elementor-element-def8af0 elementor-widget elementor-widget-button\" data-id=\"def8af0\" data-element_type=\"widget\" data-e-type=\"widget\" data-widget_type=\"button.default\">\n\t\t\t\t<div class=\"elementor-widget-container\">\n\t\t\t\t\t\t\t\t\t<div class=\"elementor-button-wrapper\">\n\t\t\t\t\t<a class=\"elementor-button elementor-button-link elementor-size-sm\" href=\"https:\/\/drive.google.com\/file\/d\/1a93SQ7oaAWMaEtanB_ZU_sHWkr0kpWa6\/view?usp=sharing\">\n\t\t\t\t\t\t<span class=\"elementor-button-content-wrapper\">\n\t\t\t\t\t\t\t\t\t<span class=\"elementor-button-text\">Za\u0142\u0105cznik do regulaminu (COVID-19)<\/span>\n\t\t\t\t\t<\/span>\n\t\t\t\t\t<\/a>\n\t\t\t\t<\/div>\n\t\t\t\t\t\t\t\t<\/div>\n\t\t\t\t<\/div>\n\t\t\t\t\t<\/div>\n\t\t<\/div>\n\t\t\t\t\t<\/div>\n\t\t<\/section>\n\t\t\t\t<\/div>\n\t\t","protected":false},"excerpt":{"rendered":"<p>W naszej szkole funkcjonuje \u015awietlica Szkolna, kt\u00f3ra roztacza swoj\u0105 opiek\u0119 nad dzie\u0107mi z oddzia\u0142\u00f3w przedszkolnych oraz uczniami klas I-III. \u015awietlica &hellip; <\/p>\n","protected":false},"author":1,"featured_media":0,"parent":0,"menu_order":0,"comment_status":"closed","ping_status":"closed","template":"","meta":{"footnotes":""},"class_list":["post-122","page","type-page","status-publish","hentry"],"yoast_head":"<!-- This site is optimized with the Yoast SEO plugin v27.5 - https:\/\/yoast.com\/product\/yoast-seo-wordpress\/ -->\n<title>\u015aWIETLICA SZKOLNA - Szko\u0142a Podstawowa im. Jana Paw\u0142a II w K\u0119b\u0142owie<\/title>\n<meta name=\"robots\" content=\"index, follow, max-snippet:-1, max-image-preview:large, max-video-preview:-1\" \/>\n<link rel=\"canonical\" href=\"https:\/\/spkeblowo.pl\/?page_id=122\" \/>\n<meta property=\"og:locale\" content=\"pl_PL\" \/>\n<meta property=\"og:type\" content=\"article\" \/>\n<meta property=\"og:title\" content=\"\u015aWIETLICA SZKOLNA - Szko\u0142a Podstawowa im. Jana Paw\u0142a II w K\u0119b\u0142owie\" \/>\n<meta property=\"og:description\" content=\"W naszej szkole funkcjonuje \u015awietlica Szkolna, kt\u00f3ra roztacza swoj\u0105 opiek\u0119 nad dzie\u0107mi z oddzia\u0142\u00f3w przedszkolnych oraz uczniami klas I-III. \u015awietlica &hellip;\" \/>\n<meta property=\"og:url\" content=\"https:\/\/spkeblowo.pl\/?page_id=122\" \/>\n<meta property=\"og:site_name\" content=\"Szko\u0142a Podstawowa im. Jana Paw\u0142a II w K\u0119b\u0142owie\" \/>\n<meta property=\"article:modified_time\" content=\"2025-09-02T07:27:22+00:00\" \/>\n<meta property=\"og:image\" content=\"https:\/\/spkeblowo.pl\/wp-content\/uploads\/2021\/03\/pobierz.png\" \/>\n<meta name=\"twitter:card\" content=\"summary_large_image\" \/>\n<meta name=\"twitter:label1\" content=\"Szacowany czas czytania\" \/>\n\t<meta name=\"twitter:data1\" content=\"3 minuty\" \/>\n<script type=\"application\/ld+json\" class=\"yoast-schema-graph\">{\"@context\":\"https:\\\/\\\/schema.org\",\"@graph\":[{\"@type\":\"WebPage\",\"@id\":\"https:\\\/\\\/spkeblowo.pl\\\/?page_id=122\",\"url\":\"https:\\\/\\\/spkeblowo.pl\\\/?page_id=122\",\"name\":\"\u015aWIETLICA SZKOLNA - Szko\u0142a Podstawowa im. Jana Paw\u0142a II w K\u0119b\u0142owie\",\"isPartOf\":{\"@id\":\"https:\\\/\\\/spkeblowo.pl\\\/#website\"},\"primaryImageOfPage\":{\"@id\":\"https:\\\/\\\/spkeblowo.pl\\\/?page_id=122#primaryimage\"},\"image\":{\"@id\":\"https:\\\/\\\/spkeblowo.pl\\\/?page_id=122#primaryimage\"},\"thumbnailUrl\":\"https:\\\/\\\/spkeblowo.pl\\\/wp-content\\\/uploads\\\/2021\\\/03\\\/pobierz.png\",\"datePublished\":\"2020-03-10T16:22:37+00:00\",\"dateModified\":\"2025-09-02T07:27:22+00:00\",\"breadcrumb\":{\"@id\":\"https:\\\/\\\/spkeblowo.pl\\\/?page_id=122#breadcrumb\"},\"inLanguage\":\"pl-PL\",\"potentialAction\":[{\"@type\":\"ReadAction\",\"target\":[\"https:\\\/\\\/spkeblowo.pl\\\/?page_id=122\"]}]},{\"@type\":\"ImageObject\",\"inLanguage\":\"pl-PL\",\"@id\":\"https:\\\/\\\/spkeblowo.pl\\\/?page_id=122#primaryimage\",\"url\":\"https:\\\/\\\/spkeblowo.pl\\\/wp-content\\\/uploads\\\/2021\\\/03\\\/pobierz.png\",\"contentUrl\":\"https:\\\/\\\/spkeblowo.pl\\\/wp-content\\\/uploads\\\/2021\\\/03\\\/pobierz.png\",\"width\":885,\"height\":285},{\"@type\":\"BreadcrumbList\",\"@id\":\"https:\\\/\\\/spkeblowo.pl\\\/?page_id=122#breadcrumb\",\"itemListElement\":[{\"@type\":\"ListItem\",\"position\":1,\"name\":\"Strona g\u0142\u00f3wna\",\"item\":\"https:\\\/\\\/spkeblowo.pl\\\/\"},{\"@type\":\"ListItem\",\"position\":2,\"name\":\"\u015aWIETLICA SZKOLNA\"}]},{\"@type\":\"WebSite\",\"@id\":\"https:\\\/\\\/spkeblowo.pl\\\/#website\",\"url\":\"https:\\\/\\\/spkeblowo.pl\\\/\",\"name\":\"Szko\u0142a Podstawowa im. Jana Paw\u0142a II w K\u0119b\u0142owie\",\"description\":\"\",\"publisher\":{\"@id\":\"https:\\\/\\\/spkeblowo.pl\\\/#organization\"},\"potentialAction\":[{\"@type\":\"SearchAction\",\"target\":{\"@type\":\"EntryPoint\",\"urlTemplate\":\"https:\\\/\\\/spkeblowo.pl\\\/?s={search_term_string}\"},\"query-input\":{\"@type\":\"PropertyValueSpecification\",\"valueRequired\":true,\"valueName\":\"search_term_string\"}}],\"inLanguage\":\"pl-PL\"},{\"@type\":\"Organization\",\"@id\":\"https:\\\/\\\/spkeblowo.pl\\\/#organization\",\"name\":\"Szko\u0142a Podstawowa im. Jana Paw\u0142a II w K\u0119b\u0142owie\",\"url\":\"https:\\\/\\\/spkeblowo.pl\\\/\",\"logo\":{\"@type\":\"ImageObject\",\"inLanguage\":\"pl-PL\",\"@id\":\"https:\\\/\\\/spkeblowo.pl\\\/#\\\/schema\\\/logo\\\/image\\\/\",\"url\":\"https:\\\/\\\/spkeblowo.pl\\\/wp-content\\\/uploads\\\/2020\\\/03\\\/2-2.png\",\"contentUrl\":\"https:\\\/\\\/spkeblowo.pl\\\/wp-content\\\/uploads\\\/2020\\\/03\\\/2-2.png\",\"width\":1400,\"height\":350,\"caption\":\"Szko\u0142a Podstawowa im. Jana Paw\u0142a II w K\u0119b\u0142owie\"},\"image\":{\"@id\":\"https:\\\/\\\/spkeblowo.pl\\\/#\\\/schema\\\/logo\\\/image\\\/\"}}]}<\/script>\n<!-- \/ Yoast SEO plugin. -->","yoast_head_json":{"title":"\u015aWIETLICA SZKOLNA - Szko\u0142a Podstawowa im. Jana Paw\u0142a II w K\u0119b\u0142owie","robots":{"index":"index","follow":"follow","max-snippet":"max-snippet:-1","max-image-preview":"max-image-preview:large","max-video-preview":"max-video-preview:-1"},"canonical":"https:\/\/spkeblowo.pl\/?page_id=122","og_locale":"pl_PL","og_type":"article","og_title":"\u015aWIETLICA SZKOLNA - Szko\u0142a Podstawowa im. Jana Paw\u0142a II w K\u0119b\u0142owie","og_description":"W naszej szkole funkcjonuje \u015awietlica Szkolna, kt\u00f3ra roztacza swoj\u0105 opiek\u0119 nad dzie\u0107mi z oddzia\u0142\u00f3w przedszkolnych oraz uczniami klas I-III. \u015awietlica &hellip;","og_url":"https:\/\/spkeblowo.pl\/?page_id=122","og_site_name":"Szko\u0142a Podstawowa im. Jana Paw\u0142a II w K\u0119b\u0142owie","article_modified_time":"2025-09-02T07:27:22+00:00","og_image":[{"url":"https:\/\/spkeblowo.pl\/wp-content\/uploads\/2021\/03\/pobierz.png","type":"","width":"","height":""}],"twitter_card":"summary_large_image","twitter_misc":{"Szacowany czas czytania":"3 minuty"},"schema":{"@context":"https:\/\/schema.org","@graph":[{"@type":"WebPage","@id":"https:\/\/spkeblowo.pl\/?page_id=122","url":"https:\/\/spkeblowo.pl\/?page_id=122","name":"\u015aWIETLICA SZKOLNA - Szko\u0142a Podstawowa im. Jana Paw\u0142a II w K\u0119b\u0142owie","isPartOf":{"@id":"https:\/\/spkeblowo.pl\/#website"},"primaryImageOfPage":{"@id":"https:\/\/spkeblowo.pl\/?page_id=122#primaryimage"},"image":{"@id":"https:\/\/spkeblowo.pl\/?page_id=122#primaryimage"},"thumbnailUrl":"https:\/\/spkeblowo.pl\/wp-content\/uploads\/2021\/03\/pobierz.png","datePublished":"2020-03-10T16:22:37+00:00","dateModified":"2025-09-02T07:27:22+00:00","breadcrumb":{"@id":"https:\/\/spkeblowo.pl\/?page_id=122#breadcrumb"},"inLanguage":"pl-PL","potentialAction":[{"@type":"ReadAction","target":["https:\/\/spkeblowo.pl\/?page_id=122"]}]},{"@type":"ImageObject","inLanguage":"pl-PL","@id":"https:\/\/spkeblowo.pl\/?page_id=122#primaryimage","url":"https:\/\/spkeblowo.pl\/wp-content\/uploads\/2021\/03\/pobierz.png","contentUrl":"https:\/\/spkeblowo.pl\/wp-content\/uploads\/2021\/03\/pobierz.png","width":885,"height":285},{"@type":"BreadcrumbList","@id":"https:\/\/spkeblowo.pl\/?page_id=122#breadcrumb","itemListElement":[{"@type":"ListItem","position":1,"name":"Strona g\u0142\u00f3wna","item":"https:\/\/spkeblowo.pl\/"},{"@type":"ListItem","position":2,"name":"\u015aWIETLICA SZKOLNA"}]},{"@type":"WebSite","@id":"https:\/\/spkeblowo.pl\/#website","url":"https:\/\/spkeblowo.pl\/","name":"Szko\u0142a Podstawowa im. Jana Paw\u0142a II w K\u0119b\u0142owie","description":"","publisher":{"@id":"https:\/\/spkeblowo.pl\/#organization"},"potentialAction":[{"@type":"SearchAction","target":{"@type":"EntryPoint","urlTemplate":"https:\/\/spkeblowo.pl\/?s={search_term_string}"},"query-input":{"@type":"PropertyValueSpecification","valueRequired":true,"valueName":"search_term_string"}}],"inLanguage":"pl-PL"},{"@type":"Organization","@id":"https:\/\/spkeblowo.pl\/#organization","name":"Szko\u0142a Podstawowa im. Jana Paw\u0142a II w K\u0119b\u0142owie","url":"https:\/\/spkeblowo.pl\/","logo":{"@type":"ImageObject","inLanguage":"pl-PL","@id":"https:\/\/spkeblowo.pl\/#\/schema\/logo\/image\/","url":"https:\/\/spkeblowo.pl\/wp-content\/uploads\/2020\/03\/2-2.png","contentUrl":"https:\/\/spkeblowo.pl\/wp-content\/uploads\/2020\/03\/2-2.png","width":1400,"height":350,"caption":"Szko\u0142a Podstawowa im. Jana Paw\u0142a II w K\u0119b\u0142owie"},"image":{"@id":"https:\/\/spkeblowo.pl\/#\/schema\/logo\/image\/"}}]}},"_links":{"self":[{"href":"https:\/\/spkeblowo.pl\/index.php?rest_route=\/wp\/v2\/pages\/122","targetHints":{"allow":["GET"]}}],"collection":[{"href":"https:\/\/spkeblowo.pl\/index.php?rest_route=\/wp\/v2\/pages"}],"about":[{"href":"https:\/\/spkeblowo.pl\/index.php?rest_route=\/wp\/v2\/types\/page"}],"author":[{"embeddable":true,"href":"https:\/\/spkeblowo.pl\/index.php?rest_route=\/wp\/v2\/users\/1"}],"replies":[{"embeddable":true,"href":"https:\/\/spkeblowo.pl\/index.php?rest_route=%2Fwp%2Fv2%2Fcomments&post=122"}],"version-history":[{"count":33,"href":"https:\/\/spkeblowo.pl\/index.php?rest_route=\/wp\/v2\/pages\/122\/revisions"}],"predecessor-version":[{"id":9280,"href":"https:\/\/spkeblowo.pl\/index.php?rest_route=\/wp\/v2\/pages\/122\/revisions\/9280"}],"wp:attachment":[{"href":"https:\/\/spkeblowo.pl\/index.php?rest_route=%2Fwp%2Fv2%2Fmedia&parent=122"}],"curies":[{"name":"wp","href":"https:\/\/api.w.org\/{rel}","templated":true}]}}